{"id":2,"date":"2025-04-21T12:04:10","date_gmt":"2025-04-21T12:04:10","guid":{"rendered":"https:\/\/generativnikoucink.cz\/?page_id=2"},"modified":"2025-05-23T14:58:39","modified_gmt":"2025-05-23T14:58:39","slug":"uvodni-strana","status":"publish","type":"page","link":"https:\/\/generativnikoucink.cz\/","title":{"rendered":"\u00davodn\u00ed strana"},"content":{"rendered":"<p>[et_pb_section fb_built=&#8220;1&#8243; disabled_on=&#8220;on|on|off&#8220; admin_label=&#8220;section&#8220; _builder_version=&#8220;4.27.4&#8243; background_enable_color=&#8220;off&#8220; background_image=&#8220;https:\/\/generativnikoucink.cz\/wp-content\/uploads\/2025\/05\/Navrh-bez-nazvu-92.png&#8220; custom_padding=&#8220;6vw||12vw||false|false&#8220; bottom_divider_style=&#8220;slant2&#8243; bottom_divider_color=&#8220;#FFFFFF&#8220; bottom_divider_height=&#8220;125px&#8220; bottom_divider_flip=&#8220;horizontal&#8220; global_colors_info=&#8220;{}&#8220;][et_pb_row column_structure=&#8220;1_2,1_2&#8243; _builder_version=&#8220;4.27.4&#8243; _module_preset=&#8220;default&#8220; custom_padding=&#8220;0px|||||&#8220; global_colors_info=&#8220;{}&#8220;][et_pb_column type=&#8220;1_2&#8243; _builder_version=&#8220;4.27.4&#8243; _module_preset=&#8220;default&#8220; custom_padding=&#8220;10%||||false|false&#8220; global_colors_info=&#8220;{}&#8220;][et_pb_heading title=&#8220;GENERATIVN\u00cd KOU\u010cINK&#8220; _builder_version=&#8220;4.27.4&#8243; _module_preset=&#8220;default&#8220; title_font=&#8220;Montserrat|700|||||||&#8220; title_text_color=&#8220;#FFFFFF&#8220; title_font_size=&#8220;91px&#8220; title_font_size_tablet=&#8220;91px&#8220; title_font_size_phone=&#8220;2.5rem&#8220; title_font_size_last_edited=&#8220;on|phone&#8220; global_colors_info=&#8220;{}&#8220;][\/et_pb_heading][et_pb_text _builder_version=&#8220;4.27.4&#8243; _module_preset=&#8220;default&#8220; text_text_color=&#8220;#FFFFFF&#8220; text_font_size=&#8220;23px&#8220; custom_margin=&#8220;||3vw||false|false&#8220; custom_margin_tablet=&#8220;||3vw||false|false&#8220; custom_margin_phone=&#8220;||5vw||false|false&#8220; custom_margin_last_edited=&#8220;on|phone&#8220; text_font_size_tablet=&#8220;23px&#8220; text_font_size_phone=&#8220;1.2rem&#8220; text_font_size_last_edited=&#8220;on|phone&#8220; global_colors_info=&#8220;{}&#8220;]<\/p>\n<p>\u0158e\u0161en\u00ed pro osobn\u00ed a firemn\u00ed business<\/p>\n<p>[\/et_pb_text][et_pb_button button_url=&#8220;#moznosti&#8220; button_text=&#8220;MO\u017dNOSTI KOU\u010cINKU&#8220; _builder_version=&#8220;4.27.4&#8243; _module_preset=&#8220;default&#8220; custom_button=&#8220;on&#8220; button_text_size=&#8220;18px&#8220; button_text_color=&#8220;rgba(0,5,54,0.91)&#8220; button_bg_color=&#8220;#FFFFFF&#8220; button_border_width=&#8220;2px&#8220; button_border_color=&#8220;#FFFFFF&#8220; button_border_radius=&#8220;0px&#8220; button_font=&#8220;|600||on|||||&#8220; button_use_icon=&#8220;off&#8220; button_text_size_tablet=&#8220;18px&#8220; button_text_size_phone=&#8220;0.9rem&#8220; button_text_size_last_edited=&#8220;on|phone&#8220; global_colors_info=&#8220;{}&#8220;][\/et_pb_button][\/et_pb_column][et_pb_column type=&#8220;1_2&#8243; _builder_version=&#8220;4.27.4&#8243; _module_preset=&#8220;default&#8220; global_colors_info=&#8220;{}&#8220;][\/et_pb_column][\/et_pb_row][\/et_pb_section][et_pb_section fb_built=&#8220;1&#8243; next_background_color=&#8220;#ffffff&#8220; disabled_on=&#8220;off|off|on&#8220; admin_label=&#8220;section&#8220; _builder_version=&#8220;4.27.4&#8243; background_color=&#8220;#000536&#8243; background_enable_image=&#8220;off&#8220; custom_padding=&#8220;6vw||0vw||false|false&#8220; bottom_divider_style=&#8220;none&#8220; bottom_divider_height=&#8220;125px&#8220; bottom_divider_flip=&#8220;horizontal&#8220; global_colors_info=&#8220;{}&#8220;][et_pb_row column_structure=&#8220;1_2,1_2&#8243; _builder_version=&#8220;4.27.4&#8243; _module_preset=&#8220;default&#8220; custom_padding=&#8220;0px||0px|||&#8220; global_colors_info=&#8220;{}&#8220;][et_pb_column type=&#8220;1_2&#8243; _builder_version=&#8220;4.27.4&#8243; _module_preset=&#8220;default&#8220; custom_padding=&#8220;10%||||false|false&#8220; global_colors_info=&#8220;{}&#8220;][et_pb_heading title=&#8220;GENERATIVN\u00cd KOU\u010cINK&#8220; _builder_version=&#8220;4.27.4&#8243; _module_preset=&#8220;default&#8220; title_font=&#8220;Montserrat|700|||||||&#8220; title_text_color=&#8220;#FFFFFF&#8220; title_font_size=&#8220;91px&#8220; custom_margin=&#8220;||29px|||&#8220; title_font_size_tablet=&#8220;4rem&#8220; title_font_size_phone=&#8220;2.5rem&#8220; title_font_size_last_edited=&#8220;on|tablet&#8220; global_colors_info=&#8220;{}&#8220;][\/et_pb_heading][et_pb_text _builder_version=&#8220;4.27.4&#8243; _module_preset=&#8220;default&#8220; text_text_color=&#8220;#FFFFFF&#8220; text_font_size=&#8220;23px&#8220; custom_margin=&#8220;||3vw||false|false&#8220; custom_margin_tablet=&#8220;||35px||false|false&#8220; custom_margin_phone=&#8220;||32px||false|false&#8220; custom_margin_last_edited=&#8220;on|phone&#8220; text_font_size_tablet=&#8220;23px&#8220; text_font_size_phone=&#8220;1.2rem&#8220; text_font_size_last_edited=&#8220;on|phone&#8220; global_colors_info=&#8220;{}&#8220;]<\/p>\n<p>\u0158e\u0161en\u00ed pro osobn\u00ed a firemn\u00ed business<\/p>\n<p>[\/et_pb_text][et_pb_button button_url=&#8220;#moznosti&#8220; button_text=&#8220;MO\u017dNOSTI KOU\u010cINKU&#8220; _builder_version=&#8220;4.27.4&#8243; _module_preset=&#8220;default&#8220; custom_button=&#8220;on&#8220; button_text_size=&#8220;18px&#8220; button_text_color=&#8220;rgba(0,5,54,0.91)&#8220; button_bg_color=&#8220;#FFFFFF&#8220; button_border_width=&#8220;2px&#8220; button_border_color=&#8220;#FFFFFF&#8220; button_border_radius=&#8220;0px&#8220; button_font=&#8220;|600||on|||||&#8220; button_use_icon=&#8220;off&#8220; button_text_size_tablet=&#8220;18px&#8220; button_text_size_phone=&#8220;0.9rem&#8220; button_text_size_last_edited=&#8220;on|phone&#8220; global_colors_info=&#8220;{}&#8220;][\/et_pb_button][\/et_pb_column][et_pb_column type=&#8220;1_2&#8243; _builder_version=&#8220;4.27.4&#8243; _module_preset=&#8220;default&#8220; global_colors_info=&#8220;{}&#8220;][et_pb_image src=&#8220;https:\/\/generativnikoucink.cz\/wp-content\/uploads\/2025\/05\/Navrh-bez-nazvu-93.png&#8220; title_text=&#8220;Na\u0301vrh bez na\u0301zvu (93)&#8220; _builder_version=&#8220;4.27.4&#8243; _module_preset=&#8220;default&#8220; global_colors_info=&#8220;{}&#8220;][\/et_pb_image][\/et_pb_column][\/et_pb_row][\/et_pb_section][et_pb_section fb_built=&#8220;1&#8243; module_id=&#8220;moznosti&#8220; _builder_version=&#8220;4.27.4&#8243; _module_preset=&#8220;default&#8220; custom_padding=&#8220;55px||125px|||&#8220; bottom_divider_style=&#8220;slant2&#8243; bottom_divider_color=&#8220;rgba(0,5,54,0.85)&#8220; bottom_divider_height=&#8220;125px&#8220; bottom_divider_flip=&#8220;horizontal&#8220; global_colors_info=&#8220;{}&#8220;][et_pb_row column_structure=&#8220;1_3,1_3,1_3&#8243; _builder_version=&#8220;4.27.4&#8243; _module_preset=&#8220;default&#8220; global_colors_info=&#8220;{}&#8220;][et_pb_column type=&#8220;1_3&#8243; _builder_version=&#8220;4.27.4&#8243; _module_preset=&#8220;default&#8220; global_colors_info=&#8220;{}&#8220;][et_pb_blurb title=&#8220;OSOBN\u00cd ROZVOJ&#8220; use_icon=&#8220;on&#8220; font_icon=&#8220;&#xf500;||fa||900&#8243; icon_color=&#8220;#000536&#8243; image_icon_width=&#8220;53px&#8220; icon_alignment=&#8220;left&#8220; image_icon_width_tablet=&#8220;53px&#8220; image_icon_width_phone=&#8220;2rem&#8220; image_icon_width_last_edited=&#8220;on|phone&#8220; _builder_version=&#8220;4.27.4&#8243; _module_preset=&#8220;default&#8220; header_font=&#8220;Montserrat|700|||||||&#8220; header_font_size=&#8220;23px&#8220; body_text_color=&#8220;#000000&#8243; body_font_size=&#8220;16px&#8220; animation=&#8220;off&#8220; global_colors_info=&#8220;{}&#8220;]<\/p>\n<p>Individu\u00e1ln\u00ed kou\u010dink v oblasti osobn\u00edho r\u016fstu, leadershipu, zvl\u00e1d\u00e1n\u00ed konflikt\u016f, rozvoj tvo\u0159iv\u00e9ho my\u0161len\u00ed a mana\u017eersk\u00fdch soft-skills.<\/p>\n<p>[\/et_pb_blurb][\/et_pb_column][et_pb_column type=&#8220;1_3&#8243; _builder_version=&#8220;4.27.4&#8243; _module_preset=&#8220;default&#8220; global_colors_info=&#8220;{}&#8220;][et_pb_blurb title=&#8220;ZM\u011aNY A KRIZE&#8220; use_icon=&#8220;on&#8220; font_icon=&#8220;&#xf362;||fa||900&#8243; icon_color=&#8220;#000536&#8243; image_icon_width=&#8220;53px&#8220; icon_alignment=&#8220;left&#8220; image_icon_width_tablet=&#8220;53px&#8220; image_icon_width_phone=&#8220;2rem&#8220; image_icon_width_last_edited=&#8220;on|phone&#8220; _builder_version=&#8220;4.27.4&#8243; _module_preset=&#8220;default&#8220; header_font=&#8220;Montserrat|700|||||||&#8220; header_font_size=&#8220;23px&#8220; body_text_color=&#8220;#000000&#8243; body_font_size=&#8220;16px&#8220; animation=&#8220;off&#8220; global_colors_info=&#8220;{}&#8220;]<\/p>\n<p>Individu\u00e1ln\u00ed kou\u010dink kl\u00ed\u010dov\u00fdch pracovn\u00edk\u016f zejm\u00e9na pro n\u00e1ro\u010dn\u00e9 situace, p\u0159i p\u0159\u00edprav\u011b na realizaci zm\u011bn, proch\u00e1zen\u00ed kriz\u00ed, s c\u00edlem redukce \u0161kod a nebo v p\u0159\u00edpad\u011b citliv\u00e9 transformace firmy<\/p>\n<p>[\/et_pb_blurb][\/et_pb_column][et_pb_column type=&#8220;1_3&#8243; _builder_version=&#8220;4.27.4&#8243; _module_preset=&#8220;default&#8220; global_colors_info=&#8220;{}&#8220;][et_pb_blurb title=&#8220;HERO&#8217;S JOURNEY&#8220; use_icon=&#8220;on&#8220; font_icon=&#8220;&#xf6fa;||fa||900&#8243; icon_color=&#8220;#000536&#8243; image_icon_width=&#8220;53px&#8220; icon_alignment=&#8220;left&#8220; image_icon_width_tablet=&#8220;53px&#8220; image_icon_width_phone=&#8220;2rem&#8220; image_icon_width_last_edited=&#8220;on|phone&#8220; _builder_version=&#8220;4.27.4&#8243; _module_preset=&#8220;default&#8220; header_font=&#8220;Montserrat|700|||||||&#8220; header_font_size=&#8220;23px&#8220; body_text_color=&#8220;#000000&#8243; body_font_size=&#8220;16px&#8220; animation=&#8220;off&#8220; global_colors_info=&#8220;{}&#8220;]<\/p>\n<p>Intenzivn\u00ed metoda Cesty hrdiny v kou\u010dinku zam\u011b\u0159en\u00e1 na osobn\u00ed sm\u011b\u0159ov\u00e1n\u00ed, v\u00fdzvy, transformaci a seberealizaci. Vhodn\u00e9 zejm\u00e9na pro n\u00e1ro\u010dn\u00e9 klienty.<\/p>\n<p>[\/et_pb_blurb][\/et_pb_column][\/et_pb_row][et_pb_row column_structure=&#8220;1_3,1_3,1_3&#8243; _builder_version=&#8220;4.27.4&#8243; _module_preset=&#8220;default&#8220; global_colors_info=&#8220;{}&#8220;][et_pb_column type=&#8220;1_3&#8243; _builder_version=&#8220;4.27.4&#8243; _module_preset=&#8220;default&#8220; global_colors_info=&#8220;{}&#8220;][et_pb_blurb title=&#8220;GENERATIVN\u00cd TRANS&#8220; use_icon=&#8220;on&#8220; font_icon=&#8220;&#xf0d0;||fa||900&#8243; icon_color=&#8220;#000536&#8243; image_icon_width=&#8220;53px&#8220; icon_alignment=&#8220;left&#8220; image_icon_width_tablet=&#8220;53px&#8220; image_icon_width_phone=&#8220;2rem&#8220; image_icon_width_last_edited=&#8220;on|phone&#8220; _builder_version=&#8220;4.27.4&#8243; _module_preset=&#8220;default&#8220; header_font=&#8220;Montserrat|700|||||||&#8220; header_font_size=&#8220;23px&#8220; body_text_color=&#8220;#000000&#8243; body_font_size=&#8220;16px&#8220; animation=&#8220;off&#8220; global_colors_info=&#8220;{}&#8220;]<\/p>\n<div jscontroller=\"Ae65rd\" jsaction=\"touchstart:UrsOsc; click:KjsqPd; focusout:QZoaZ; mouseover:y0pDld; mouseout:dq0hvd;fv1Rjc:jbFSOd;CrfLRd:SzACGe;\" class=\"CjVfdc CJIdie\"><span class=\"jgG6ef C9DxTc \">Vyu\u017eit\u00ed tv\u016fr\u010d\u00edch transov\u00fdch technik a hypn\u00f3zy p\u0159i kou\u010dov\u00e1n\u00ed c\u00edl\u016f, kreativn\u00edm hled\u00e1n\u00ed mo\u017enost\u00ed a \u0159e\u0161en\u00ed. Jde o zp\u016fsob kou\u010dov\u00e1n\u00ed vyv\u00e1\u017een\u00ed va\u0161eho businessu a \u017eivotn\u00ed seberealizace. Vhodn\u00e9 pro velmi motivovan\u00e9 klienty.<\/span><\/div>\n<p>[\/et_pb_blurb][\/et_pb_column][et_pb_column type=&#8220;1_3&#8243; _builder_version=&#8220;4.27.4&#8243; _module_preset=&#8220;default&#8220; global_colors_info=&#8220;{}&#8220;][et_pb_blurb title=&#8220;SYSTEMICK\u00c9 KOU\u010cOV\u00c1N\u00cd&#8220; use_icon=&#8220;on&#8220; font_icon=&#8220;&#xf1cd;||fa||900&#8243; icon_color=&#8220;#000536&#8243; image_icon_width=&#8220;53px&#8220; icon_alignment=&#8220;left&#8220; image_icon_width_tablet=&#8220;53px&#8220; image_icon_width_phone=&#8220;2rem&#8220; image_icon_width_last_edited=&#8220;on|phone&#8220; _builder_version=&#8220;4.27.4&#8243; _module_preset=&#8220;default&#8220; header_font=&#8220;Montserrat|700|||||||&#8220; header_font_size=&#8220;23px&#8220; body_text_color=&#8220;#000000&#8243; body_font_size=&#8220;16px&#8220; animation=&#8220;off&#8220; global_colors_info=&#8220;{}&#8220;]<\/p>\n<div jscontroller=\"Ae65rd\" jsaction=\"touchstart:UrsOsc; click:KjsqPd; focusout:QZoaZ; mouseover:y0pDld; mouseout:dq0hvd;fv1Rjc:jbFSOd;CrfLRd:SzACGe;\" class=\"CjVfdc CJIdie\"><span class=\"jgG6ef C9DxTc \">Na \u0159e\u0161en\u00ed zam\u011b\u0159en\u00e9 individu\u00e1ln\u00ed kou\u010dov\u00e1n\u00ed, klasick\u00e9 kou\u010dov\u00e1n\u00ed v konceptu systemick\u00e9ho a konstruktivistick\u00e9ho p\u0159\u00edstupu.\u00a0<\/span><\/div>\n<p>[\/et_pb_blurb][\/et_pb_column][et_pb_column type=&#8220;1_3&#8243; _builder_version=&#8220;4.27.4&#8243; _module_preset=&#8220;default&#8220; global_colors_info=&#8220;{}&#8220;][\/et_pb_column][\/et_pb_row][et_pb_row _builder_version=&#8220;4.27.4&#8243; _module_preset=&#8220;default&#8220; global_colors_info=&#8220;{}&#8220;][et_pb_column type=&#8220;4_4&#8243; _builder_version=&#8220;4.27.4&#8243; _module_preset=&#8220;default&#8220; global_colors_info=&#8220;{}&#8220;][et_pb_text _builder_version=&#8220;4.27.4&#8243; _module_preset=&#8220;default&#8220; text_font=&#8220;|700||on|||||&#8220; text_text_color=&#8220;#000000&#8243; text_font_size=&#8220;19px&#8220; global_colors_info=&#8220;{}&#8220;]<\/p>\n<div jscontroller=\"Ae65rd\" jsaction=\"touchstart:UrsOsc; click:KjsqPd; focusout:QZoaZ; mouseover:y0pDld; mouseout:dq0hvd;fv1Rjc:jbFSOd;CrfLRd:SzACGe;\" class=\"CjVfdc\"><span class=\"jgG6ef C9DxTc \">Kou\u010dink je mo\u017en\u00e9 realizovat osobn\u011b, nebo on-line. Vyberte si.<\/span><\/div>\n<p>[\/et_pb_text][\/et_pb_column][\/et_pb_row][\/et_pb_section][et_pb_section fb_built=&#8220;1&#8243; module_id=&#8220;jsem&#8220; _builder_version=&#8220;4.27.4&#8243; _module_preset=&#8220;default&#8220; background_color=&#8220;rgba(0,5,54,0.91)&#8220; custom_padding=&#8220;||146px|||&#8220; bottom_divider_style=&#8220;slant2&#8243; bottom_divider_color=&#8220;#FFFFFF&#8220; bottom_divider_height=&#8220;125px&#8220; bottom_divider_flip=&#8220;horizontal&#8220; global_colors_info=&#8220;{}&#8220;][et_pb_row _builder_version=&#8220;4.27.4&#8243; _module_preset=&#8220;default&#8220; global_colors_info=&#8220;{}&#8220;][et_pb_column type=&#8220;4_4&#8243; _builder_version=&#8220;4.27.4&#8243; _module_preset=&#8220;default&#8220; global_colors_info=&#8220;{}&#8220;][et_pb_heading title=&#8220;KDO JSEM?&#8220; _builder_version=&#8220;4.27.4&#8243; _module_preset=&#8220;default&#8220; title_font=&#8220;Montserrat|700|||||||&#8220; title_text_color=&#8220;#FFFFFF&#8220; title_font_size=&#8220;76px&#8220; title_font_size_tablet=&#8220;4rem&#8220; title_font_size_phone=&#8220;2.5rem&#8220; title_font_size_last_edited=&#8220;on|phone&#8220; global_colors_info=&#8220;{}&#8220;][\/et_pb_heading][et_pb_text _builder_version=&#8220;4.27.4&#8243; _module_preset=&#8220;default&#8220; text_text_color=&#8220;#FFFFFF&#8220; text_font_size=&#8220;18px&#8220; global_colors_info=&#8220;{}&#8220;]<\/p>\n<p>Jmenuji se \u0160tefan Schwarc a jsem pedagog, \u0161kolitel, mentor a psychoterapeut se zam\u011b\u0159en\u00edm na transov\u00e9, hypnotick\u00e9 stavy a Generative trance. Jako \u0161kolitel jsem vedl mnoho mezin\u00e1rodn\u00edch \u0161kolen\u00ed zam\u011b\u0159en\u00fdch na z\u00e1\u017eitkov\u00e9 u\u010den\u00ed a spiritualitu. V t\u00e9to oblasti pracuji ji\u017e 20 let. Studoval jsem teologii a n\u00e1sledn\u011b psychoterapii pod veden\u00edm Jitky Vod\u0148ansk\u00e9 (SUR), Franti\u0161ka Matu\u0161ky (strategick\u00e1, ericksoni\u00e1nsk\u00e1 hypnoterapie, systemick\u00e1 psychoterapie). Posledn\u00edm terapeutick\u00fdm v\u00fdcvikem jsem pro\u0161el v USA u Dr. Stephena Gilligana Generative transe work a Hero&#8217;s Journey. Jeho p\u0159\u00edstup je v\u00edce o veden\u00ed k seberozvoji, sebeu\u010den\u00ed, vid\u011bn\u00ed a uchopov\u00e1n\u00ed vlastn\u00edho potenci\u00e1lu prost\u0159ednictv\u00edm z\u00e1\u017eitku, mentoringu a b\u011b\u017en\u00e9ho transu &#8211; meditace. Vedu s Ren\u00e1tou Tr\u010dkovou vlastn\u00ed v\u00fdcvik terapeuticko-pedagogick\u00fdch dovednost\u00ed s n\u00e1zvem TERAPIE Z\u00c1\u017dITKEM.<\/p>\n<p>[\/et_pb_text][\/et_pb_column][\/et_pb_row][\/et_pb_section][et_pb_section fb_built=&#8220;1&#8243; next_background_color=&#8220;#000536&#8243; module_id=&#8220;trans&#8220; _builder_version=&#8220;4.27.4&#8243; _module_preset=&#8220;default&#8220; custom_padding=&#8220;||181px|||&#8220; bottom_divider_style=&#8220;slant2&#8243; bottom_divider_height=&#8220;125px&#8220; bottom_divider_flip=&#8220;horizontal&#8220; global_colors_info=&#8220;{}&#8220;][et_pb_row _builder_version=&#8220;4.27.4&#8243; _module_preset=&#8220;default&#8220; global_colors_info=&#8220;{}&#8220;][et_pb_column type=&#8220;4_4&#8243; _builder_version=&#8220;4.27.4&#8243; _module_preset=&#8220;default&#8220; global_colors_info=&#8220;{}&#8220;][et_pb_heading title=&#8220;V\u00cdKEND V transU&#8220; _builder_version=&#8220;4.27.4&#8243; _module_preset=&#8220;default&#8220; title_font=&#8220;Montserrat|700||on|||||&#8220; title_text_color=&#8220;#000000&#8243; title_font_size=&#8220;76px&#8220; title_font_size_tablet=&#8220;4rem&#8220; title_font_size_phone=&#8220;2.5rem&#8220; title_font_size_last_edited=&#8220;on|phone&#8220; global_colors_info=&#8220;{}&#8220;][\/et_pb_heading][et_pb_text _builder_version=&#8220;4.27.4&#8243; _module_preset=&#8220;default&#8220; text_text_color=&#8220;#000000&#8243; text_font_size=&#8220;22px&#8220; text_font_size_tablet=&#8220;22px&#8220; text_font_size_phone=&#8220;1.1rem&#8220; text_font_size_last_edited=&#8220;on|phone&#8220; global_colors_info=&#8220;{}&#8220;]<\/p>\n<p>Z\u00c1\u017dITKOV\u00dd KURZ O VYU\u017dIT\u00cd TV\u016eR\u010c\u00cdHO POTENCI\u00c1LU TRANSU<\/p>\n<p>[\/et_pb_text][\/et_pb_column][\/et_pb_row][et_pb_row _builder_version=&#8220;4.27.4&#8243; _module_preset=&#8220;default&#8220; global_colors_info=&#8220;{}&#8220;][et_pb_column type=&#8220;4_4&#8243; _builder_version=&#8220;4.27.4&#8243; _module_preset=&#8220;default&#8220; global_colors_info=&#8220;{}&#8220;][et_pb_text _builder_version=&#8220;4.27.4&#8243; _module_preset=&#8220;default&#8220; text_text_color=&#8220;#000000&#8243; text_font_size=&#8220;18px&#8220; custom_padding=&#8220;1vw|1vw|1vw|1vw|true|true&#8220; border_width_all=&#8220;2px&#8220; border_color_all=&#8220;rgba(0,5,54,0.91)&#8220; global_colors_info=&#8220;{}&#8220;]<\/p>\n<p>Kurz je v\u00edkendov\u00fdm sebezku\u0161enostn\u00edm setk\u00e1n\u00edm a prac\u00ed s generativn\u00edm a hypnotick\u00fdm transem.<\/p>\n<p><strong>Pro koho:<\/strong> v\u0161ichni, kdo se zaj\u00edmaj\u00ed o osobn\u00ed rozvoj, pom\u00e1haj\u00edc\u00ed pracovn\u00edky, terapeuty, pedagogy, soci\u00e1ln\u00ed pracovn\u00edky, vedouc\u00ed skupin atp.<\/p>\n<p><strong>Kde:<\/strong> bude up\u0159esn\u011bno<\/p>\n<p><span class=\"C9DxTc \"><strong>Kdy:<\/strong><span>\u00a0<\/span><\/span><span class=\"C9DxTc \">bude up\u0159esn\u011bno<\/span><\/p>\n<p><span class=\"C9DxTc \"><strong>Jak na kurz:<\/strong>\u00a0 bude up\u0159esn\u011bno<\/span><\/p>\n<p><span class=\"C9DxTc \"><strong>O \u010dem to bude?<\/strong><br \/>Zkusit j\u00edt hloub\u011bji. Zkusit j\u00edt do na\u0161ich sn\u016f, pl\u00e1n\u016f, realizac\u00ed a pozvat v\u011bdomou mysl a nev\u011bdom\u00ed. Zkou\u0161et a u\u010dit se, jak se to d\u011bl\u00e1. Zkusit se p\u0159esunout tam a zase zp\u011bt. Za\u017e\u00edt jakou intenzitou pracuji s\u00e1m a jakou pracuji s druh\u00fdm. Nau\u010dit se n\u011bco o l\u00e9\u010div\u00fdch a probl\u00e9mov\u00fdch nastaven\u00edch. Dostat trochu teorie, a dostat se velmi k uk\u00e1zk\u00e1m a cvi\u010den\u00edm. Cvi\u010dit. P\u0159iv\u00e9st si svoje \u017eivotn\u00ed m\u00edsta a oblasti, kter\u00e9 te\u010f pot\u0159ebuj\u00ed rozv\u00edjet. Tv\u016fr\u010d\u00edm zp\u016fsobem nahl\u00ed\u017eet a zam\u011b\u0159ovat se. B\u00fdt inspirov\u00e1n od vlastn\u00edho nitra a snov\u00fdch symbol\u016f sv\u00e9ho nev\u011bdom\u00ed.<\/span><\/p>\n<p>[\/et_pb_text][et_pb_text _builder_version=&#8220;4.27.4&#8243; _module_preset=&#8220;default&#8220; text_text_color=&#8220;#000000&#8243; text_font_size=&#8220;18px&#8220; global_colors_info=&#8220;{}&#8220;]<\/p>\n<p><span class=\"jgG6ef C9DxTc \"><strong>Dal\u0161\u00ed info o v\u00edkendu v transu v mal\u00e9m popisn\u00e9m videu zde<\/strong>:\u00a0<span>\u00a0<\/span><\/span><a class=\"XqQF9c\" href=\"https:\/\/www.youtube.com\/watch?v=Zox_CKI1fe4\" target=\"_blank\" rel=\"noopener\"><span class=\"jgG6ef C9DxTc aw5Odc \">https:\/\/www.youtube.com\/watch?v=Zox_CKI1fe4<\/span><\/a><\/p>\n<p>[\/et_pb_text][\/et_pb_column][\/et_pb_row][\/et_pb_section][et_pb_section fb_built=&#8220;1&#8243; module_id=&#8220;kontakty&#8220; _builder_version=&#8220;4.27.4&#8243; _module_preset=&#8220;default&#8220; background_color=&#8220;#000536&#8243; top_divider_flip=&#8220;horizontal&#8220; global_colors_info=&#8220;{}&#8220;][et_pb_row _builder_version=&#8220;4.27.4&#8243; _module_preset=&#8220;default&#8220; global_colors_info=&#8220;{}&#8220;][et_pb_column type=&#8220;4_4&#8243; _builder_version=&#8220;4.27.4&#8243; _module_preset=&#8220;default&#8220; global_colors_info=&#8220;{}&#8220;][et_pb_heading title=&#8220;KONTAKTY&#8220; _builder_version=&#8220;4.27.4&#8243; _module_preset=&#8220;default&#8220; title_font=&#8220;Montserrat|700|||||||&#8220; title_text_color=&#8220;#FFFFFF&#8220; title_font_size=&#8220;76px&#8220; title_font_size_tablet=&#8220;4rem&#8220; title_font_size_phone=&#8220;2.5rem&#8220; title_font_size_last_edited=&#8220;on|phone&#8220; global_colors_info=&#8220;{}&#8220;][\/et_pb_heading][\/et_pb_column][\/et_pb_row][et_pb_row column_structure=&#8220;2_5,3_5&#8243; _builder_version=&#8220;4.27.4&#8243; _module_preset=&#8220;default&#8220; global_colors_info=&#8220;{}&#8220;][et_pb_column type=&#8220;2_5&#8243; _builder_version=&#8220;4.27.4&#8243; _module_preset=&#8220;default&#8220; global_colors_info=&#8220;{}&#8220;][et_pb_text _builder_version=&#8220;4.27.4&#8243; _module_preset=&#8220;default&#8220; text_font=&#8220;|700|||||||&#8220; text_text_color=&#8220;#FFFFFF&#8220; text_font_size=&#8220;18px&#8220; global_colors_info=&#8220;{}&#8220;]<\/p>\n<p>\u0160tefan Schwarc<\/p>\n<p>[\/et_pb_text][et_pb_blurb title=&#8220;Heydukova 348, 386 01 Strakonice&#8220; use_icon=&#8220;on&#8220; font_icon=&#8220;&#xe074;||divi||400&#8243; icon_color=&#8220;#FFFFFF&#8220; icon_placement=&#8220;left&#8220; image_icon_width=&#8220;21px&#8220; _builder_version=&#8220;4.27.4&#8243; _module_preset=&#8220;default&#8220; header_text_color=&#8220;#FFFFFF&#8220; animation=&#8220;off&#8220; global_colors_info=&#8220;{}&#8220;][\/et_pb_blurb][et_pb_blurb title=&#8220;+420 607 652 862&#8243; use_icon=&#8220;on&#8220; font_icon=&#8220;&#xe090;||divi||400&#8243; icon_color=&#8220;#FFFFFF&#8220; icon_placement=&#8220;left&#8220; image_icon_width=&#8220;21px&#8220; _builder_version=&#8220;4.27.4&#8243; _module_preset=&#8220;default&#8220; header_text_color=&#8220;#FFFFFF&#8220; animation=&#8220;off&#8220; global_colors_info=&#8220;{}&#8220;][\/et_pb_blurb][et_pb_blurb title=&#8220;\t stefan@dosveta.org&#8220; use_icon=&#8220;on&#8220; font_icon=&#8220;&#xe076;||divi||400&#8243; icon_color=&#8220;#FFFFFF&#8220; icon_placement=&#8220;left&#8220; image_icon_width=&#8220;21px&#8220; _builder_version=&#8220;4.27.4&#8243; _module_preset=&#8220;default&#8220; header_text_color=&#8220;#FFFFFF&#8220; animation=&#8220;off&#8220; global_colors_info=&#8220;{}&#8220;][\/et_pb_blurb][et_pb_social_media_follow _builder_version=&#8220;4.27.4&#8243; _module_preset=&#8220;default&#8220; global_colors_info=&#8220;{}&#8220;][et_pb_social_media_follow_network social_network=&#8220;facebook&#8220; url=&#8220;https:\/\/www.facebook.com\/stefanovykurzy&#8220; _builder_version=&#8220;4.27.4&#8243; _module_preset=&#8220;default&#8220; background_color=&#8220;#3b5998&#8243; global_colors_info=&#8220;{}&#8220; follow_button=&#8220;off&#8220; url_new_window=&#8220;on&#8220;]facebook[\/et_pb_social_media_follow_network][et_pb_social_media_follow_network social_network=&#8220;youtube&#8220; url=&#8220;https:\/\/www.youtube.com\/@stefanschwarc&#8220; _builder_version=&#8220;4.27.4&#8243; _module_preset=&#8220;default&#8220; background_color=&#8220;#a82400&#8243; global_colors_info=&#8220;{}&#8220; follow_button=&#8220;off&#8220; url_new_window=&#8220;on&#8220;]youtube[\/et_pb_social_media_follow_network][\/et_pb_social_media_follow][\/et_pb_column][et_pb_column type=&#8220;3_5&#8243; _builder_version=&#8220;4.27.4&#8243; _module_preset=&#8220;default&#8220; global_colors_info=&#8220;{}&#8220;][et_pb_code _builder_version=&#8220;4.27.4&#8243; _module_preset=&#8220;default&#8220; global_colors_info=&#8220;{}&#8220;]<iframe src=\"https:\/\/www.google.com\/maps\/embed?pb=!1m18!1m12!1m3!1d2603.8236656007857!2d13.918169076034173!3d49.260788072305026!2m3!1f0!2f0!3f0!3m2!1i1024!2i768!4f13.1!3m3!1m2!1s0x470b49ffd4fe0f83%3A0x9a2ca423a533b40a!2sHeydukova%20349%2C%20386%2001%20Strakonice%20I!5e0!3m2!1scs!2scz!4v1739469734706!5m2!1scs!2scz\" width=\"800\" height=\"400\" style=\"border:0;\" allowfullscreen=\"\" loading=\"lazy\" referrerpolicy=\"no-referrer-when-downgrade\"><\/iframe>[\/et_pb_code][\/et_pb_column][\/et_pb_row][et_pb_row _builder_version=&#8220;4.27.4&#8243; _module_preset=&#8220;default&#8220; global_colors_info=&#8220;{}&#8220;][et_pb_column type=&#8220;4_4&#8243; _builder_version=&#8220;4.27.4&#8243; _module_preset=&#8220;default&#8220; global_colors_info=&#8220;{}&#8220;][et_pb_heading title=&#8220;SOUVISEJ\u00cdC\u00cd WEBY:&#8220; _builder_version=&#8220;4.27.4&#8243; _module_preset=&#8220;default&#8220; title_font=&#8220;Montserrat|700|||||||&#8220; title_text_color=&#8220;#FFFFFF&#8220; title_font_size=&#8220;50px&#8220; hover_enabled=&#8220;0&#8243; title_font_size_tablet=&#8220;3rem&#8220; title_font_size_phone=&#8220;1.9rem&#8220; title_font_size_last_edited=&#8220;on|phone&#8220; global_colors_info=&#8220;{}&#8220; sticky_enabled=&#8220;0&#8243;][\/et_pb_heading][\/et_pb_column][\/et_pb_row][et_pb_row column_structure=&#8220;1_4,1_4,1_4,1_4&#8243; _builder_version=&#8220;4.27.4&#8243; _module_preset=&#8220;default&#8220; global_colors_info=&#8220;{}&#8220;][et_pb_column type=&#8220;1_4&#8243; _builder_version=&#8220;4.27.4&#8243; _module_preset=&#8220;default&#8220; global_colors_info=&#8220;{}&#8220;][et_pb_image src=&#8220;https:\/\/generativnikoucink.cz\/wp-content\/uploads\/2025\/05\/1.png&#8220; title_text=&#8220;1&#8243; url=&#8220;https:\/\/stefanschwarc.cz\/&#8220; url_new_window=&#8220;on&#8220; _builder_version=&#8220;4.27.4&#8243; _module_preset=&#8220;default&#8220; global_colors_info=&#8220;{}&#8220;][\/et_pb_image][\/et_pb_column][et_pb_column type=&#8220;1_4&#8243; _builder_version=&#8220;4.27.4&#8243; _module_preset=&#8220;default&#8220; global_colors_info=&#8220;{}&#8220;][et_pb_image src=&#8220;https:\/\/generativnikoucink.cz\/wp-content\/uploads\/2025\/05\/5.png&#8220; title_text=&#8220;5&#8243; url=&#8220;https:\/\/herosjourney.cz\/&#8220; url_new_window=&#8220;on&#8220; _builder_version=&#8220;4.27.4&#8243; _module_preset=&#8220;default&#8220; global_colors_info=&#8220;{}&#8220;][\/et_pb_image][\/et_pb_column][et_pb_column type=&#8220;1_4&#8243; _builder_version=&#8220;4.27.4&#8243; _module_preset=&#8220;default&#8220; global_colors_info=&#8220;{}&#8220;][et_pb_image src=&#8220;https:\/\/generativnikoucink.cz\/wp-content\/uploads\/2025\/05\/2.png&#8220; title_text=&#8220;2&#8243; url=&#8220;https:\/\/terapiezazitkem.cz\/&#8220; url_new_window=&#8220;on&#8220; _builder_version=&#8220;4.27.4&#8243; _module_preset=&#8220;default&#8220; global_colors_info=&#8220;{}&#8220;][\/et_pb_image][\/et_pb_column][et_pb_column type=&#8220;1_4&#8243; _builder_version=&#8220;4.27.4&#8243; _module_preset=&#8220;default&#8220; global_colors_info=&#8220;{}&#8220;][et_pb_image src=&#8220;https:\/\/generativnikoucink.cz\/wp-content\/uploads\/2025\/05\/4.png&#8220; title_text=&#8220;4&#8243; url=&#8220;https:\/\/intervq.cz\/&#8220; url_new_window=&#8220;on&#8220; _builder_version=&#8220;4.27.4&#8243; _module_preset=&#8220;default&#8220; global_colors_info=&#8220;{}&#8220;][\/et_pb_image][\/et_pb_column][\/et_pb_row][\/et_pb_section]<\/p>\n","protected":false},"excerpt":{"rendered":"<p>\u0158e\u0161en\u00ed pro osobn\u00ed a firemn\u00ed business\u0158e\u0161en\u00ed pro osobn\u00ed a firemn\u00ed businessIndividu\u00e1ln\u00ed kou\u010dink v oblasti osobn\u00edho r\u016fstu, leadershipu, zvl\u00e1d\u00e1n\u00ed konflikt\u016f, rozvoj tvo\u0159iv\u00e9ho my\u0161len\u00ed a mana\u017eersk\u00fdch soft-skills.Individu\u00e1ln\u00ed kou\u010dink kl\u00ed\u010dov\u00fdch pracovn\u00edk\u016f zejm\u00e9na pro n\u00e1ro\u010dn\u00e9 situace, p\u0159i p\u0159\u00edprav\u011b na realizaci zm\u011bn, proch\u00e1zen\u00ed kriz\u00ed, s c\u00edlem redukce \u0161kod a nebo v p\u0159\u00edpad\u011b citliv\u00e9 transformace firmyIntenzivn\u00ed metoda Cesty hrdiny v kou\u010dinku [&hellip;]<\/p>\n","protected":false},"author":1,"featured_media":0,"parent":0,"menu_order":0,"comment_status":"closed","ping_status":"closed","template":"","meta":{"_et_pb_use_builder":"on","_et_pb_old_content":"<!-- wp:paragraph -->\n<p>This is an example page. It's different from a blog post because it will stay in one place and will show up in your site navigation (in most themes). Most people start with an About page that introduces them to potential site visitors. It might say something like this:<\/p>\n<!-- \/wp:paragraph -->\n\n<!-- wp:quote -->\n<blockquote class=\"wp-block-quote\"><p>Hi there! I'm a bike messenger by day, aspiring actor by night, and this is my website. I live in Los Angeles, have a great dog named Jack, and I like pi&#241;a coladas. (And gettin' caught in the rain.)<\/p><\/blockquote>\n<!-- \/wp:quote -->\n\n<!-- wp:paragraph -->\n<p>...or something like this:<\/p>\n<!-- \/wp:paragraph -->\n\n<!-- wp:quote -->\n<blockquote class=\"wp-block-quote\"><p>The XYZ Doohickey Company was founded in 1971, and has been providing quality doohickeys to the public ever since. Located in Gotham City, XYZ employs over 2,000 people and does all kinds of awesome things for the Gotham community.<\/p><\/blockquote>\n<!-- \/wp:quote -->\n\n<!-- wp:paragraph -->\n<p>As a new WordPress user, you should go to <a href=\"https:\/\/generativnikoucink.cz\/wp-admin\/\">your dashboard<\/a> to delete this page and create new pages for your content. Have fun!<\/p>\n<!-- \/wp:paragraph -->","_et_gb_content_width":"","footnotes":""},"class_list":["post-2","page","type-page","status-publish","hentry"],"yoast_head":"<!-- This site is optimized with the Yoast SEO plugin v27.5 - https:\/\/yoast.com\/product\/yoast-seo-wordpress\/ -->\n<title>Generativn\u00ed kou\u010dink | \u0160tefan Schwarc<\/title>\n<meta name=\"description\" content=\"\u0158e\u0161en\u00ed pro osobn\u00ed a firemn\u00ed business. Individu\u00e1ln\u00ed kou\u010dink v oblasti osobn\u00edho r\u016fstu, leadershipu, zvl\u00e1d\u00e1n\u00ed konflikt\u016f, rozvoj tvo\u0159iv\u00e9ho my\u0161len\u00ed a mana\u017eersk\u00fdch soft-skills.\" \/>\n<meta name=\"robots\" content=\"index, follow, max-snippet:-1, max-image-preview:large, max-video-preview:-1\" \/>\n<link rel=\"canonical\" href=\"https:\/\/generativnikoucink.cz\/\" \/>\n<meta property=\"og:locale\" content=\"cs_CZ\" \/>\n<meta property=\"og:type\" content=\"article\" \/>\n<meta property=\"og:title\" content=\"Generativn\u00ed kou\u010dink | \u0160tefan Schwarc\" \/>\n<meta property=\"og:description\" content=\"\u0158e\u0161en\u00ed pro osobn\u00ed a firemn\u00ed business. Individu\u00e1ln\u00ed kou\u010dink v oblasti osobn\u00edho r\u016fstu, leadershipu, zvl\u00e1d\u00e1n\u00ed konflikt\u016f, rozvoj tvo\u0159iv\u00e9ho my\u0161len\u00ed a mana\u017eersk\u00fdch soft-skills.\" \/>\n<meta property=\"og:url\" content=\"https:\/\/generativnikoucink.cz\/\" \/>\n<meta property=\"og:site_name\" content=\"Generativn\u00ed kou\u010dink\" \/>\n<meta property=\"article:publisher\" content=\"https:\/\/www.facebook.com\/stefanovykurzy\" \/>\n<meta property=\"article:modified_time\" content=\"2025-05-23T14:58:39+00:00\" \/>\n<meta property=\"og:image\" content=\"https:\/\/generativnikoucink.cz\/wp-content\/uploads\/2025\/05\/HEROJOURNEY-6.png\" \/>\n\t<meta property=\"og:image:width\" content=\"1200\" \/>\n\t<meta property=\"og:image:height\" content=\"675\" \/>\n\t<meta property=\"og:image:type\" content=\"image\/png\" \/>\n<meta name=\"twitter:card\" content=\"summary_large_image\" \/>\n<meta name=\"twitter:label1\" content=\"Odhadovan\u00e1 doba \u010dten\u00ed\" \/>\n\t<meta name=\"twitter:data1\" content=\"4 minuty\" \/>\n<script type=\"application\/ld+json\" class=\"yoast-schema-graph\">{\"@context\":\"https:\\\/\\\/schema.org\",\"@graph\":[{\"@type\":\"WebPage\",\"@id\":\"https:\\\/\\\/generativnikoucink.cz\\\/\",\"url\":\"https:\\\/\\\/generativnikoucink.cz\\\/\",\"name\":\"Generativn\u00ed kou\u010dink | \u0160tefan Schwarc\",\"isPartOf\":{\"@id\":\"https:\\\/\\\/generativnikoucink.cz\\\/#website\"},\"datePublished\":\"2025-04-21T12:04:10+00:00\",\"dateModified\":\"2025-05-23T14:58:39+00:00\",\"description\":\"\u0158e\u0161en\u00ed pro osobn\u00ed a firemn\u00ed business. Individu\u00e1ln\u00ed kou\u010dink v oblasti osobn\u00edho r\u016fstu, leadershipu, zvl\u00e1d\u00e1n\u00ed konflikt\u016f, rozvoj tvo\u0159iv\u00e9ho my\u0161len\u00ed a mana\u017eersk\u00fdch soft-skills.\",\"breadcrumb\":{\"@id\":\"https:\\\/\\\/generativnikoucink.cz\\\/#breadcrumb\"},\"inLanguage\":\"cs\",\"potentialAction\":[{\"@type\":\"ReadAction\",\"target\":[\"https:\\\/\\\/generativnikoucink.cz\\\/\"]}]},{\"@type\":\"BreadcrumbList\",\"@id\":\"https:\\\/\\\/generativnikoucink.cz\\\/#breadcrumb\",\"itemListElement\":[{\"@type\":\"ListItem\",\"position\":1,\"name\":\"Dom\u016f\",\"item\":\"https:\\\/\\\/generativnikoucink.cz\\\/\"},{\"@type\":\"ListItem\",\"position\":2,\"name\":\"\u00davodn\u00ed strana\"}]},{\"@type\":\"WebSite\",\"@id\":\"https:\\\/\\\/generativnikoucink.cz\\\/#website\",\"url\":\"https:\\\/\\\/generativnikoucink.cz\\\/\",\"name\":\"Generativn\u00ed kou\u010dink\",\"description\":\"\u0158e\u0161en\u00ed pro osobn\u00ed a firemn\u00ed business\",\"publisher\":{\"@id\":\"https:\\\/\\\/generativnikoucink.cz\\\/#organization\"},\"potentialAction\":[{\"@type\":\"SearchAction\",\"target\":{\"@type\":\"EntryPoint\",\"urlTemplate\":\"https:\\\/\\\/generativnikoucink.cz\\\/?s={search_term_string}\"},\"query-input\":{\"@type\":\"PropertyValueSpecification\",\"valueRequired\":true,\"valueName\":\"search_term_string\"}}],\"inLanguage\":\"cs\"},{\"@type\":\"Organization\",\"@id\":\"https:\\\/\\\/generativnikoucink.cz\\\/#organization\",\"name\":\"Generativn\u00ed kou\u010dink\",\"url\":\"https:\\\/\\\/generativnikoucink.cz\\\/\",\"logo\":{\"@type\":\"ImageObject\",\"inLanguage\":\"cs\",\"@id\":\"https:\\\/\\\/generativnikoucink.cz\\\/#\\\/schema\\\/logo\\\/image\\\/\",\"url\":\"https:\\\/\\\/generativnikoucink.cz\\\/wp-content\\\/uploads\\\/2025\\\/05\\\/3.png\",\"contentUrl\":\"https:\\\/\\\/generativnikoucink.cz\\\/wp-content\\\/uploads\\\/2025\\\/05\\\/3.png\",\"width\":1000,\"height\":1000,\"caption\":\"Generativn\u00ed kou\u010dink\"},\"image\":{\"@id\":\"https:\\\/\\\/generativnikoucink.cz\\\/#\\\/schema\\\/logo\\\/image\\\/\"},\"sameAs\":[\"https:\\\/\\\/www.facebook.com\\\/stefanovykurzy\",\"https:\\\/\\\/www.youtube.com\\\/@stefanschwarc\"]}]}<\/script>\n<!-- \/ Yoast SEO plugin. -->","yoast_head_json":{"title":"Generativn\u00ed kou\u010dink | \u0160tefan Schwarc","description":"\u0158e\u0161en\u00ed pro osobn\u00ed a firemn\u00ed business. Individu\u00e1ln\u00ed kou\u010dink v oblasti osobn\u00edho r\u016fstu, leadershipu, zvl\u00e1d\u00e1n\u00ed konflikt\u016f, rozvoj tvo\u0159iv\u00e9ho my\u0161len\u00ed a mana\u017eersk\u00fdch soft-skills.","robots":{"index":"index","follow":"follow","max-snippet":"max-snippet:-1","max-image-preview":"max-image-preview:large","max-video-preview":"max-video-preview:-1"},"canonical":"https:\/\/generativnikoucink.cz\/","og_locale":"cs_CZ","og_type":"article","og_title":"Generativn\u00ed kou\u010dink | \u0160tefan Schwarc","og_description":"\u0158e\u0161en\u00ed pro osobn\u00ed a firemn\u00ed business. Individu\u00e1ln\u00ed kou\u010dink v oblasti osobn\u00edho r\u016fstu, leadershipu, zvl\u00e1d\u00e1n\u00ed konflikt\u016f, rozvoj tvo\u0159iv\u00e9ho my\u0161len\u00ed a mana\u017eersk\u00fdch soft-skills.","og_url":"https:\/\/generativnikoucink.cz\/","og_site_name":"Generativn\u00ed kou\u010dink","article_publisher":"https:\/\/www.facebook.com\/stefanovykurzy","article_modified_time":"2025-05-23T14:58:39+00:00","og_image":[{"width":1200,"height":675,"url":"https:\/\/generativnikoucink.cz\/wp-content\/uploads\/2025\/05\/HEROJOURNEY-6.png","type":"image\/png"}],"twitter_card":"summary_large_image","twitter_misc":{"Odhadovan\u00e1 doba \u010dten\u00ed":"4 minuty"},"schema":{"@context":"https:\/\/schema.org","@graph":[{"@type":"WebPage","@id":"https:\/\/generativnikoucink.cz\/","url":"https:\/\/generativnikoucink.cz\/","name":"Generativn\u00ed kou\u010dink | \u0160tefan Schwarc","isPartOf":{"@id":"https:\/\/generativnikoucink.cz\/#website"},"datePublished":"2025-04-21T12:04:10+00:00","dateModified":"2025-05-23T14:58:39+00:00","description":"\u0158e\u0161en\u00ed pro osobn\u00ed a firemn\u00ed business. Individu\u00e1ln\u00ed kou\u010dink v oblasti osobn\u00edho r\u016fstu, leadershipu, zvl\u00e1d\u00e1n\u00ed konflikt\u016f, rozvoj tvo\u0159iv\u00e9ho my\u0161len\u00ed a mana\u017eersk\u00fdch soft-skills.","breadcrumb":{"@id":"https:\/\/generativnikoucink.cz\/#breadcrumb"},"inLanguage":"cs","potentialAction":[{"@type":"ReadAction","target":["https:\/\/generativnikoucink.cz\/"]}]},{"@type":"BreadcrumbList","@id":"https:\/\/generativnikoucink.cz\/#breadcrumb","itemListElement":[{"@type":"ListItem","position":1,"name":"Dom\u016f","item":"https:\/\/generativnikoucink.cz\/"},{"@type":"ListItem","position":2,"name":"\u00davodn\u00ed strana"}]},{"@type":"WebSite","@id":"https:\/\/generativnikoucink.cz\/#website","url":"https:\/\/generativnikoucink.cz\/","name":"Generativn\u00ed kou\u010dink","description":"\u0158e\u0161en\u00ed pro osobn\u00ed a firemn\u00ed business","publisher":{"@id":"https:\/\/generativnikoucink.cz\/#organization"},"potentialAction":[{"@type":"SearchAction","target":{"@type":"EntryPoint","urlTemplate":"https:\/\/generativnikoucink.cz\/?s={search_term_string}"},"query-input":{"@type":"PropertyValueSpecification","valueRequired":true,"valueName":"search_term_string"}}],"inLanguage":"cs"},{"@type":"Organization","@id":"https:\/\/generativnikoucink.cz\/#organization","name":"Generativn\u00ed kou\u010dink","url":"https:\/\/generativnikoucink.cz\/","logo":{"@type":"ImageObject","inLanguage":"cs","@id":"https:\/\/generativnikoucink.cz\/#\/schema\/logo\/image\/","url":"https:\/\/generativnikoucink.cz\/wp-content\/uploads\/2025\/05\/3.png","contentUrl":"https:\/\/generativnikoucink.cz\/wp-content\/uploads\/2025\/05\/3.png","width":1000,"height":1000,"caption":"Generativn\u00ed kou\u010dink"},"image":{"@id":"https:\/\/generativnikoucink.cz\/#\/schema\/logo\/image\/"},"sameAs":["https:\/\/www.facebook.com\/stefanovykurzy","https:\/\/www.youtube.com\/@stefanschwarc"]}]}},"_links":{"self":[{"href":"https:\/\/generativnikoucink.cz\/index.php\/wp-json\/wp\/v2\/pages\/2","targetHints":{"allow":["GET"]}}],"collection":[{"href":"https:\/\/generativnikoucink.cz\/index.php\/wp-json\/wp\/v2\/pages"}],"about":[{"href":"https:\/\/generativnikoucink.cz\/index.php\/wp-json\/wp\/v2\/types\/page"}],"author":[{"embeddable":true,"href":"https:\/\/generativnikoucink.cz\/index.php\/wp-json\/wp\/v2\/users\/1"}],"replies":[{"embeddable":true,"href":"https:\/\/generativnikoucink.cz\/index.php\/wp-json\/wp\/v2\/comments?post=2"}],"version-history":[{"count":24,"href":"https:\/\/generativnikoucink.cz\/index.php\/wp-json\/wp\/v2\/pages\/2\/revisions"}],"predecessor-version":[{"id":97,"href":"https:\/\/generativnikoucink.cz\/index.php\/wp-json\/wp\/v2\/pages\/2\/revisions\/97"}],"wp:attachment":[{"href":"https:\/\/generativnikoucink.cz\/index.php\/wp-json\/wp\/v2\/media?parent=2"}],"curies":[{"name":"wp","href":"https:\/\/api.w.org\/{rel}","templated":true}]}}